{"id":29569,"date":"2022-03-28T11:33:51","date_gmt":"2022-03-28T11:33:51","guid":{"rendered":"https:\/\/evotek.md\/produse\/fara-categorie\/grill-barbeque-kamado-premium-o-16-in-41-cm-m-09378005\/"},"modified":"2023-07-07T13:03:42","modified_gmt":"2023-07-07T13:03:42","slug":"grill-barbeque-kamado-premium-o-16-in-41-cm-m-09378005","status":"publish","type":"product","link":"https:\/\/evotek.md\/ro\/produse\/echipamente-termice\/barbeque-grill\/grill-barbeque-kamado-premium-o-16-in-41-cm-m-09378005\/","title":{"rendered":"GRILL BBQ, PREMIUM KAMADO \u00d841 cm -M-09378005"},"content":{"rendered":"<p><strong>GRILL BBQ, PREMIUM KAMADO \u00d841 cm -M-09378005-<\/strong> Gratarul Kamado Ceramic este un adevarat universal: de la gratar la gatit incet, acest gratar poate face totul. Gr\u0103tarul Kamado este echipat cu pl\u0103ci de gr\u0103tar reglabile pentru o bun\u0103 circula\u021bie a aerului \u0219i controlul temperaturii. Partea lateral\u0103 a brazierului este realizat\u0103 din ceramic\u0103 (mullit) \u0219i ars la temperaturi ridicate. Acest lucru face ca p\u0103r\u021bile laterale s\u0103 fie foarte rezistente la c\u0103ldur\u0103 \u0219i schimb\u0103ri de temperatur\u0103. Pe capacul \u0219i pe fundul gr\u0103tarului exist\u0103 orificii de aerisire care servesc ca o admisie a aerului \u0219i asigur\u0103 o circula\u021bie stabil\u0103 a aerului. \u00cen interior se afl\u0103 un bol de foc, tot din ceramic\u0103, care separ\u0103 c\u0103rbunii \u0219i cenu\u0219a. Partea exterioar\u0103 este realizat\u0103 din o\u021bel acoperit. Manerul este din bambus, deci nu se incalzeste.<\/p>\n<p>Caracteristici: Gr\u0103tar robust din mullit \u00een forma de ou; Gr\u0103tar de mas\u0103 compact; Prevazut cu pereti ceramici si bol pentru foc, rezistent la caldura si schimbari de temperatura; \u0218asiul, curelele \u0219i buclele sunt realizate din o\u021bel acoperit; Grilla de g\u0103tit este din otel inoxidabil; Dou\u0103 orificii de ventila\u021bie pentru o circula\u021bie perfect\u0103 a aerului; Termometru cu scar\u0103 de temperatur\u0103 \u00een Celsius \u0219i Fahrenheit; Se pot ad\u0103uga multe accesorii.<\/p>\n<p>Caracteristici<br \/>\nCuloare neagr\u0103<br \/>\nGreutate net\u0103: 34\u00a0kg<br \/>\nDiametru gr\u0103tar: \u00d8 16 inchi \/ 41\u00a0cm<br \/>\nDimensiuni aparat: L46,5 x A55 x H78cm<br \/>\nVine standard cu:<br \/>\n1 x husa pentru ploaie<br \/>\n1 reflector de c\u0103ldur\u0103 \u00d8 9 in.\/28\u00a0cm<br \/>\n1 x perie de cur\u0103\u021bare<br \/>\n1 x unealt\u0103 pentru cenu\u0219\u0103<br \/>\n1 cle\u0219te pentru grila fierbinte<\/p>\n","protected":false},"excerpt":{"rendered":"<p>Culoare neagr\u0103; Greutate net\u0103: 34 kg; Diametru gr\u0103tar: \u00d8 16 inchi \/ 41 cm; Dimensiuni aparat: L46,5 x A55 x H78cm; Vine standard cu: 1 x husa pentru ploaie &#8211; 1 reflector de c\u0103ldur\u0103 \u00d8 9 in.\/28 cm &#8211; 1 x perie de cur\u0103\u021bare &#8211; 1 x unealt\u0103 pentru cenu\u0219\u0103 &#8211; 1 cle\u0219te pentru grila fierbinte.<\/p>\n","protected":false},"featured_media":29550,"template":"","meta":[],"_links":{"self":[{"href":"https:\/\/evotek.md\/ro\/wp-json\/wp\/v2\/product\/29569"}],"collection":[{"href":"https:\/\/evotek.md\/ro\/wp-json\/wp\/v2\/product"}],"about":[{"href":"https:\/\/evotek.md\/ro\/wp-json\/wp\/v2\/types\/product"}],"wp:featuredmedia":[{"embeddable":true,"href":"https:\/\/evotek.md\/ro\/wp-json\/wp\/v2\/media\/29550"}],"wp:attachment":[{"href":"https:\/\/evotek.md\/ro\/wp-json\/wp\/v2\/media?parent=29569"}],"curies":[{"name":"wp","href":"https:\/\/api.w.org\/{rel}","templated":true}]}}